{"id":91,"date":"2017-08-22T08:50:04","date_gmt":"2017-08-22T08:50:04","guid":{"rendered":"http:\/\/drgoncziagnes.hu\/?page_id=91"},"modified":"2025-04-11T18:39:08","modified_gmt":"2025-04-11T18:39:08","slug":"blog","status":"publish","type":"page","link":"https:\/\/drgoncziagnes.hu\/?page_id=91","title":{"rendered":"Blog"},"content":{"rendered":"<h1><strong><img loading=\"lazy\" decoding=\"async\" class=\"alignnone size-medium wp-image-97\" src=\"https:\/\/drgoncziagnes.hu\/wp-content\/uploads\/2017\/08\/\u00e9p\u00fclet-169x300.jpg\" alt=\"\" width=\"169\" height=\"300\" srcset=\"https:\/\/drgoncziagnes.hu\/wp-content\/uploads\/2017\/08\/\u00e9p\u00fclet-169x300.jpg 169w, https:\/\/drgoncziagnes.hu\/wp-content\/uploads\/2017\/08\/\u00e9p\u00fclet-576x1024.jpg 576w, https:\/\/drgoncziagnes.hu\/wp-content\/uploads\/2017\/08\/\u00e9p\u00fclet.jpg 720w\" sizes=\"auto, (max-width: 169px) 100vw, 169px\" \/>Ingatlanv\u00e1s\u00e1rl\u00e1si tudnival\u00f3k:<\/strong><\/h1>\n<p>Mit tegy\u00fcnk, ha megtal\u00e1ltuk \u00e1lmaink otthon\u00e1t?<\/p>\n<p>El\u0151sz\u00f6r is semmik\u00e9ppen ne hagyja ki az ingatlan tulajdoni lapj\u00e1nak a megtekint\u00e9s\u00e9t m\u00e9g miel\u0151tt aj\u00e1nlati k\u00f6t\u00f6tts\u00e9get v\u00e1llalna ak\u00e1r egy el\u0151szerz\u0151d\u00e9s ak\u00e1r egy ingatlank\u00f6zvet\u00edt\u0151 irod\u00e1n\u00e1l al\u00e1\u00edrt okirattal.<\/p>\n<p>Nem l\u00e9nyegtelen k\u00e9rd\u00e9s ugyanis, hogy az adott ingatlan forgalomk\u00e9pes-e, azaz nem terheli valamilyen jog, teher: haszon\u00e9lvezeti jog, jelz\u00e1logjog, v\u00e9grehajt\u00e1si jog, m\u00e1s tulajdonos t\u00e1rsat vagy egy\u00e9b szem\u00e9lyt megillet\u0151 egy\u00e9b jog.<\/p>\n<p>Ezeknek a k\u00e9rd\u00e9seknek a tiszt\u00e1z\u00e1sa t\u00falnyom\u00f3r\u00e9szt jogi szaktud\u00e1st ig\u00e9nyel, ez\u00e9rt mindenk\u00e9ppen indokolt lehet \u00fcgyv\u00e9di seg\u00edts\u00e9g ig\u00e9nybev\u00e9tele, amelynek a k\u00f6lts\u00e9ge eleny\u00e9sz\u0151 ahhoz k\u00e9pest, amit egy rosszul kalkul\u00e1lt \u00e9s megk\u00f6t\u00f6tt ad\u00e1sv\u00e9teli szerz\u0151d\u00e9ssel vesz\u00edthet a vev\u0151.<\/p>\n<p>Egy mindenki \u00e1ltal a saj\u00e1t \u00fcgyf\u00e9l kapuj\u00e1n lek\u00e9rhet\u0151 e-hiteles tulajdoni lap 4.800,-Ft-os k\u00f6lts\u00e9ggel el\u00e9rhet\u0151, \u00e9s biztos\u00edtja az elad\u00f3val t\u00f6rt\u00e9n\u0151 t\u00e1rgyal\u00e1shoz sz\u00fcks\u00e9ges inform\u00e1ci\u00f3kat.<\/p>\n<p>A szerz\u0151d\u00e9s megk\u00f6t\u00e9s\u00e9t megel\u0151z\u0151en c\u00e9lszer\u0171 lehet\u0151s\u00e9g szerint tiszt\u00e1zni az ingatlan m\u0171szaki \u00e1llapot\u00e1t, \u00e9s a vev\u0151 \u00e1ltal v\u00e1llalhat\u00f3 jav\u00edt\u00e1sok \u00e9s egy\u00e9b k\u00f6telezetts\u00e9gek nagys\u00e1grendj\u00e9t.<\/p>\n<p>Csal\u00e1di h\u00e1z eset\u00e9ben k\u00e9rj\u00fck el a kiviteli terveket, az \u00e9p\u00edt\u00e9si enged\u00e9lyt, valamint a haszn\u00e1latbav\u00e9teli enged\u00e9lyt is.<\/p>\n<p>Sz\u00fcks\u00e9g eset\u00e9n szakember ig\u00e9nybev\u00e9tel\u00e9vel tekints\u00fck meg az ingatlant \u00e9s hasonl\u00edtsuk \u00f6ssze a terveken szerepl\u0151 az \u00e9p\u00edt\u00e9si hat\u00f3s\u00e1g \u00e1ltal enged\u00e9lyezett \u00e9s a jelen \u00e1llapot\u00e1ban megtal\u00e1lhat\u00f3 \u00e1llapot\u00e1t.<\/p>\n<p>Sokszor tal\u00e1lkozunk ugyanis azzal az esettel, amikor az \u00e9vek sor\u00e1n a tulajdonosok enged\u00e9ly n\u00e9lk\u00fcl \u00e9p\u00edtik tov\u00e1bb, vagy \u00e1t\u00e9p\u00edtik az \u00e9p\u00fcletet \u00e9s hozz\u00e1 tartoz\u00f3 r\u00e9szeket, amelyek tov\u00e1bbi jogi elj\u00e1r\u00e1sokat, esetleg b\u00edrs\u00e1got is vonnak maguk ut\u00e1n.<\/p>\n<p>A t\u00e1j\u00e9koztat\u00e1s elmarad\u00e1sa szavatoss\u00e1gi k\u00f6telezetts\u00e9get r\u00f3 az elad\u00f3ra.<\/p>\n<p>Teh\u00e1t amennyiben az elad\u00f3 nem t\u00e1j\u00e9koztatja teljes k\u00f6r\u0171en a vev\u0151t a szerz\u0151d\u00e9s megk\u00f6t\u00e9sekor az ingatlan val\u00f3s \u00e1llapot\u00e1r\u00f3l, \u00e9s az azt \u00e9rint\u0151 valamennyi l\u00e9nyeges k\u00f6r\u00fclm\u00e9nyr\u0151l, \u00fagy az ebb\u0151l ered\u0151 valamennyi jogk\u00f6vetkezm\u00e9nyt neki kell viselnie.<\/p>\n<p>Ez lehet a vev\u0151 r\u00e9sz\u00e9r\u0151l a szerz\u0151d\u00e9st\u0151l t\u00f6rt\u00e9n\u0151 el\u00e1ll\u00e1s \u00e9s a szerz\u0151d\u00e9s megk\u00f6t\u00e9s\u00e9vel kapcsolatosan felmer\u00fcl\u0151 valamennyi k\u00f6lts\u00e9g visszat\u00e9r\u00edt\u00e9se a vev\u0151 r\u00e9sz\u00e9re, aki ezen fel\u00fcl a szerz\u0151d\u00e9sk\u00f6t\u00e9s elmarad\u00e1s\u00e1b\u00f3l ered\u0151 k\u00e1r\u00e1nak a megt\u00e9r\u00edt\u00e9s\u00e9re is ig\u00e9nyt tarthat.<\/p>\n<p>K\u00fcl\u00f6n felh\u00edvn\u00e1m a figyelmet azokra a szerz\u0151d\u00e9si kik\u00f6t\u00e9sekre, amikor az ingatlank\u00f6zvet\u00edt\u0151 iroda d\u00edjaz\u00e1sa, jutal\u00e9ka a vev\u0151t terheli ak\u00e1r r\u00e9szben, ak\u00e1r eg\u00e9szben az ad\u00e1sv\u00e9teli szerz\u0151d\u00e9s megk\u00f6t\u00e9sekor. Meg\u00edt\u00e9l\u00e9sem szerint az elad\u00f3 \u00e9s az ingatlank\u00f6zvet\u00edt\u0151 ilyen meg\u00e1llapod\u00e1st \u00e9rv\u00e9nyesen nem is k\u00f6thetnek egym\u00e1ssal, hiszen \u00e9ppen a vev\u0151, akit a jutal\u00e9kfizet\u00e9si k\u00f6telezetts\u00e9g terhelni fog, nem ismeri ennek a meg\u00e1llapod\u00e1snak a r\u00e9szleteit \u00e9s csak akkor v\u00e1lik el\u0151tte ismertt\u00e9, ha az ad\u00e1sv\u00e9tel k\u00f6r\u00e9ben aj\u00e1nlatot tesz.<\/p>\n<p>Egy szerz\u0151d\u00e9s akkor t\u00f6lti ki a val\u00f3s c\u00e9lj\u00e1t, ha mind az elad\u00f3 mind pedig a vev\u0151 megtal\u00e1lja benne a sz\u00e1m\u00e1ra elfogadhat\u00f3 sz\u00e1m\u00edt\u00e1sait. Ekk\u00e9nt A feleknek \u00fagy kell \u00e9rezni\u00fck, hogy mindketten j\u00f3 \u00fczletet k\u00f6t\u00f6ttek.<\/p>\n<p>A szerz\u0151d\u00e9st k\u00e9sz\u00edt\u0151 \u00e9s ellenjegyz\u0151 \u00fcgyv\u00e9d szerz\u0151d\u00e9sk\u00f6t\u00e9skor mindk\u00e9t felet k\u00f6teles k\u00e9pviselni, \u00e9s mindk\u00e9t felet k\u00f6teles t\u00e1j\u00e9koztatni a szerz\u0151d\u00e9s megk\u00f6t\u00e9s\u00e9vel kapcsolatosan \u0151ket jogos\u00edt\u00f3 \u00e9s terhel\u0151 jogokr\u00f3l \u00e9s k\u00f6telezetts\u00e9gekr\u0151l, a szerz\u0151d\u00e9s megk\u00f6t\u00e9se k\u00f6vetkezt\u00e9ben keletkez\u0151 ad\u00f3 \u00e9s illet\u00e9kfizet\u00e9si k\u00f6telezetts\u00e9gekr\u0151l.<\/p>\n<p>Az ad\u00e1sv\u00e9teli szerz\u0151d\u00e9s beny\u00fajt\u00e1sa t\u00falnyom\u00f3r\u00e9szt a jogi k\u00e9pvisel\u0151 r\u00e9sz\u00e9r\u0151l t\u00f6rt\u00e9nik meg \u00e9s a f\u00f6ldhivatal is sz\u00e1m\u00e1ra post\u00e1zza valamennyi hat\u00e1rozat\u00e1t is, ide\u00e9rtve a tulajdonjog bejegyz\u00e9ssel kapcsolatos d\u00f6nt\u00e9s\u00e9t is.<\/p>\n<p>A hat\u00e1lyos jogszab\u00e1lyi rendelkez\u00e9sek \u00e9rtelm\u00e9ben az \u00fcgyv\u00e9d k\u00f6teles ezt tov\u00e1bb\u00edtani a szerz\u0151d\u0151 felek r\u00e9sz\u00e9re.<\/p>\n<p>A szerz\u0151d\u00e9sk\u00f6t\u00e9ssel kapcsolatos \u00fcgyv\u00e9di munkad\u00edj mindig a felek meg\u00e1llapod\u00e1s\u00e1nak t\u00e1rgya, amely az \u00e1ltal\u00e1nos tapasztalat szerint a szerz\u0151d\u00e9sk\u00f6t\u00e9si \u00e9rt\u00e9k 1 %-a k\u00f6z\u00f6tt mozog.<\/p>\n<p>Ennek visel\u00e9se t\u00falnyom\u00f3r\u00e9szt a vev\u0151t terheli. De a felek term\u00e9szetesen ett\u0151l elt\u00e9r\u0151en is meg\u00e1llapodhatnak.<\/p>\n<p><em><strong>Mi a k\u00fcl\u00f6nbs\u00e9g a foglal\u00f3 \u00e9s az el\u0151leg k\u00f6z\u00f6tt?<\/strong><\/em><\/p>\n<p><strong>Ptk. 6:185. \u00a7 [Foglal\u00f3]<\/strong><\/p>\n<p><strong>(1)<\/strong> A m\u00e1sik f\u00e9lnek fizetett p\u00e9nzt akkor lehet foglal\u00f3nak tekinteni, ha annak fizet\u00e9s\u00e9re a k\u00f6telezetts\u00e9gv\u00e1llal\u00e1s meger\u0151s\u00edt\u00e9sek\u00e9nt ker\u00fcl sor, \u00e9s ez a rendeltet\u00e9s a szerz\u0151d\u00e9sb\u0151l egy\u00e9rtelm\u0171en kit\u0171nik.<\/p>\n<p><strong>(2)<\/strong> Ha a szerz\u0151d\u00e9st teljes\u00edtik, a tartoz\u00e1s a foglal\u00f3 \u00f6sszeg\u00e9vel cs\u00f6kken. Ha a szerz\u0151d\u00e9s teljes\u00edt\u00e9se olyan okb\u00f3l hi\u00fasul meg, amely\u00e9rt egyik f\u00e9l sem felel\u0151s, vagy mindk\u00e9t f\u00e9l felel\u0151s, a foglal\u00f3 visszaj\u00e1r.<\/p>\n<p><strong>(3)<\/strong> A teljes\u00edt\u00e9s meghi\u00fasul\u00e1s\u00e1\u00e9rt felel\u0151s f\u00e9l az adott foglal\u00f3t elveszti, a kapott foglal\u00f3t k\u00e9tszeresen k\u00f6teles visszat\u00e9r\u00edteni.<\/p>\n<p><strong>(4)<\/strong> A foglal\u00f3 elveszt\u00e9se vagy k\u00e9tszeres visszat\u00e9r\u00edt\u00e9se a szerz\u0151d\u00e9sszeg\u00e9s k\u00f6vetkezm\u00e9nyei al\u00f3l nem mentes\u00edt. A k\u00f6tb\u00e9r \u00e9s a k\u00e1rt\u00e9r\u00edt\u00e9s \u00f6sszege a foglal\u00f3 \u00f6sszeg\u00e9vel cs\u00f6kken.<\/p>\n<p><strong>(5)<\/strong> A t\u00falzott m\u00e9rt\u00e9k\u0171 foglal\u00f3 \u00f6sszeg\u00e9t a k\u00f6telezett k\u00e9relm\u00e9re a b\u00edr\u00f3s\u00e1g m\u00e9rs\u00e9kelheti.<\/p>\n<p><strong>Mit tegy\u00fcnk akkor, ha eljutottunk h\u00e1zass\u00e1g felbont\u00e1s\u00e1nak sz\u00e1nd\u00e9k\u00e1ig?<\/strong><\/p>\n<p><img loading=\"lazy\" decoding=\"async\" class=\"alignnone size-medium wp-image-60\" src=\"https:\/\/drgoncziagnes.hu\/wp-content\/uploads\/2017\/08\/h\u00e1zass\u00e1g-felbont\u00e1sa-300x248.png\" alt=\"\" width=\"300\" height=\"248\" srcset=\"https:\/\/drgoncziagnes.hu\/wp-content\/uploads\/2017\/08\/h\u00e1zass\u00e1g-felbont\u00e1sa-300x248.png 300w, https:\/\/drgoncziagnes.hu\/wp-content\/uploads\/2017\/08\/h\u00e1zass\u00e1g-felbont\u00e1sa.png 411w\" sizes=\"auto, (max-width: 300px) 100vw, 300px\" \/><\/p>\n<p>Rendk\u00edv\u00fcl neh\u00e9z \u00e9lethelyzetbe ker\u00fcl az ember, amikor \u00fagy \u00e9rzi, hogy a m\u00e1r megl\u00e9v\u0151 kapcsolat\u00e1t nem b\u00edrja \u00e9s nem is k\u00edv\u00e1nja tov\u00e1bb fenntartani.<\/p>\n<p>Miel\u0151tt a v\u00e9gleges d\u00f6nt\u00e9st a v\u00e1l\u00e1ssal kapcsolatosan meghozzuk, c\u00e9lszer\u0171 el\u0151tte szakemberrel konzult\u00e1lni.<\/p>\n<p>N\u00e9ha nem is l\u00e1tj\u00e1k \u00e1t az \u00fcgyfelek mekkora terhet vesznek a nyakukba az \u00e9vekig tart\u00f3 peresked\u00e9ssel, a k\u00f6z\u00f6s gyerekek ide-oda taszig\u00e1l\u00e1s\u00e1val, egym\u00e1s \u00e9let\u00e9nek a megkeser\u00edt\u00e9s\u00e9vel.<\/p>\n<p>Nyilv\u00e1n neh\u00e9z azt feldolgozni, ha az \u00e1ltalunk kor\u00e1bban szeretett szem\u00e9ly m\u00e1r nem \u00fagy viselkedik ak\u00e1r vel\u00fcnk, ak\u00e1r a k\u00f6z\u00f6s gyermekek ir\u00e1ny\u00e1ban. Net\u00e1n egy harmadik f\u00e9l megjelen\u00e9se is be\u00e1rny\u00e9kolja a kor\u00e1bban harmonikusan m\u0171k\u00f6d\u0151 kapcsolatot.<\/p>\n<p>Mindenk\u00e9ppen sz\u00fcks\u00e9ges azonban tiszt\u00e1zni magunkban, hogy kell-e t\u00f6rekedn\u00fcnk arra, hogy a volt h\u00e1zast\u00e1rsunk r\u00e9szt vegyen a tov\u00e1bbi \u00e9let\u00fcnkben ak\u00e1r az\u00e9rt, mert gyermekeink apja, illetve \u00e9desanyja, net\u00e1n k\u00f6z\u00f6s hiteltartoz\u00e1sok, vagy k\u00f6z\u00f6s c\u00e9gben fenn\u00e1ll\u00f3 vagyoni viszonyok m\u00e9g hossz\u00fa \u00e9vekig sz\u00fcks\u00e9gess\u00e9 teszik az egy\u00fcttm\u0171k\u00f6d\u00e9st. Ennek a k\u00e9rd\u00e9snek a megv\u00e1laszol\u00e1sa ugyanis meghat\u00e1rozza a tov\u00e1bbi l\u00e9p\u00e9seinket.<\/p>\n<p>\u00c1ltal\u00e1nos tapasztalatom, hogy azok a felek, akik idejekor\u00e1n \u00fcgyv\u00e9dhez fordulnak \u00e9s felteszik neki az \u0151ket legink\u00e1bb mozgat\u00f3 k\u00e9rd\u00e9seket, a kapott v\u00e1laszok t\u00fckr\u00e9ben sokkal hamarabb siker\u00fcl egy v\u00e1l\u00f3pert lez\u00e1rni \u00e9s b\u00e9k\u00e9s, mindk\u00e9t f\u00e9l sz\u00e1m\u00e1ra kedvez\u0151 megold\u00e1ssal felbontani a h\u00e1zass\u00e1gi k\u00f6tel\u00e9ket.<\/p>\n<p>Az emberek fej\u00e9ben sz\u00e1mos olyan t\u00e9ves elm\u00e9let kavarog, amely egy v\u00e1l\u00f3perben megnehez\u00edti a vagyoni viszonyok rendez\u00e9s\u00e9t, illetve a gyermekekkel kapcsolatos d\u00f6nt\u00e9si helyzetek megfelel\u0151 \u00e9rt\u00e9kel\u00e9s\u00e9t.<\/p>\n<p>Nem mindegy ugyanis, hogy ki fogja haszn\u00e1lni az utols\u00f3 k\u00f6z\u00f6s lak\u00e1sunkat, ki lesz a gyermek sz\u00fcl\u0151i fel\u00fcgyeleti jog\u00e1nak kiz\u00e1r\u00f3lagos feljogos\u00edtottja, vagy net\u00e1n k\u00f6z\u00f6s sz\u00fcl\u0151i fel\u00fcgyelet alatt nevelkednek tov\u00e1bb a gyermekeink. Kell-e gyermektart\u00e1sd\u00edjat fizetni \u00e9s mennyit, illetve hogyan tartsa a t\u00e1vol \u00e9l\u0151 sz\u00fcl\u0151 a gyermekkel a kapcsolatot, \u00e9s j\u00e1r-e b\u00e1rmelyik h\u00e1zast\u00e1rsnak h\u00e1zast\u00e1rsi tart\u00e1s.<\/p>\n<p>Ezek azok a k\u00e9rd\u00e9sek, amelyekr\u0151l a h\u00e1zast\u00e1rsaknak meg kell \u00e1llapodniuk ahhoz, hogy a b\u00edr\u00f3s\u00e1g <em><u>egy <\/u><\/em><em><u>t\u00e1rgyal\u00e1son<\/u><\/em> joger\u0151sen felbontsa a h\u00e1zass\u00e1gi k\u00f6tel\u00e9ket.<\/p>\n<p>Amennyiben kiskor\u00fa gyermek sz\u00fcl\u0151i fel\u00fcgyeleti jog\u00e1r\u00f3l is d\u00f6nteni kell, \u00fagy mindenk\u00e9ppen k\u00e9t t\u00e1rgyal\u00e1s sz\u00fcks\u00e9ges.<\/p>\n<p>B\u00e1rmelyik k\u00e9rd\u00e9sben nem siker\u00fcl a feleknek egyez\u0151 \u00e1ll\u00e1spontra helyezkedni\u00fck m\u00e1r nem bonthat\u00f3 fel a h\u00e1zass\u00e1g a felek egyez\u0151 akaratnyilv\u00e1n\u00edt\u00e1sa alapj\u00e1n, hanem annak megroml\u00e1s\u00e1hoz vezet\u0151 okok felt\u00e1r\u00e1s\u00e1val folytat\u00f3dik tov\u00e1bb az elj\u00e1r\u00e1s.<\/p>\n<p>Ebben az esetben az erre hivatkoz\u00f3 f\u00e9lnek bizony\u00edtania kell a h\u00e1zass\u00e1g v\u00e9gleges megroml\u00e1s\u00e1hoz vezet\u0151 okok megl\u00e9t\u00e9t \u00e9s annak ok okozati \u00f6sszef\u00fcgg\u00e9s\u00e9t a h\u00e1zass\u00e1g v\u00e9gleges megroml\u00e1s\u00e1val kapcsolatban. Erre azonban szerencs\u00e9re csak ritk\u00e1n ker\u00fcl sor, mert az esetek t\u00f6bbs\u00e9g\u00e9ben a felek bel\u00e1tj\u00e1k, hogy ezek a perek nem seg\u00edtik el\u0151bbre az egym\u00e1s k\u00f6z\u00f6tti fesz\u00fclts\u00e9gek \u00e9s vit\u00e1s k\u00e9rd\u00e9sek megold\u00e1s\u00e1t, csak f\u00f6l\u00f6sleges idegess\u00e9get \u00e9s sz\u00e1mos \u00e9rtelmetlen\u00fcl \u00a0a b\u00edr\u00f3s\u00e1gon elt\u00f6lt\u00f6tt id\u0151t \u00e9s k\u00f6lts\u00e9get eredm\u00e9nyez.<\/p>\n<p>Mindamellett egy ilyen perben a sz\u00fcl\u0151k \u00e9s gyermekek kapcsolata is helyrehozhatatlanul s\u00e9r\u00fclhet.<\/p>\n<p>Sokszor egy ilyen v\u00e1l\u00f3per csak szak\u00edt\u00f3pr\u00f3b\u00e1t jelent a felek k\u00f6z\u00f6tt \u00e9s sz\u00e1mos esetben van tapasztalatom arr\u00f3l, hogy a felek kib\u00e9k\u00fcltek, mert a d\u00f6nt\u00e9s\u00fck v\u00e9gleges\u00edt\u00e9s\u00e9vel gyakorlatilag r\u00e1j\u00f6ttek arra, hogy nem ez a megold\u00e1s a probl\u00e9m\u00e1ikra, hanem a kapcsolatukat kell helyrehozni.<\/p>\n<p>A praxisomban mindig arra t\u00f6rekedtem \u00e9s arra t\u00f6rekszem ma is, hogy egy v\u00e1l\u00f3per sor\u00e1n min\u00e9l kisebb \u00e1ldozattal t\u00f6rt\u00e9njen meg az \u00e1gyt\u00f3l-asztalt\u00f3l elv\u00e1l\u00e1s, \u00e9s amilyen gyorsan csak lehet, befejez\u00e9sre ker\u00fclj\u00f6n lebonyol\u00edt\u00e1sra a b\u00edr\u00f3s\u00e1gi per.<\/p>\n<p>Ahhoz hogy mindenki \u00faj \u00e9letet tudjon kezdeni, tiszta lappal kell rendelkeznie.<\/p>\n<p>Alapelvem mindig az volt, hogy ugyanolyan kultur\u00e1ltan \u00e9s emelt f\u0151vel kell kimondani a boldog\u00edt\u00f3 nemet, mint ahogyan a h\u00e1zass\u00e1g megk\u00f6t\u00e9sekor a boldog\u00edt\u00f3 igent mondt\u00e1k ki a h\u00e1zasuland\u00f3k.<\/p>\n","protected":false},"excerpt":{"rendered":"<p>Ingatlanv\u00e1s\u00e1rl\u00e1si tudnival\u00f3k: Mit tegy\u00fcnk, ha megtal\u00e1ltuk \u00e1lmaink otthon\u00e1t? El\u0151sz\u00f6r is semmik\u00e9ppen ne hagyja ki az ingatlan tulajdoni lapj\u00e1nak a megtekint\u00e9s\u00e9t m\u00e9g miel\u0151tt aj\u00e1nlati k\u00f6t\u00f6tts\u00e9get v\u00e1llalna ak\u00e1r egy el\u0151szerz\u0151d\u00e9s ak\u00e1r egy ingatlank\u00f6zvet\u00edt\u0151 irod\u00e1n\u00e1l al\u00e1\u00edrt okirattal. Nem l\u00e9nyegtelen k\u00e9rd\u00e9s ugyanis, hogy az adott ingatlan forgalomk\u00e9pes-e, azaz nem terheli valamilyen jog, teher: haszon\u00e9lvezeti jog, jelz\u00e1logjog, v\u00e9grehajt\u00e1si jog, m\u00e1s &hellip; <a href=\"https:\/\/drgoncziagnes.hu\/?page_id=91\" class=\"more-link\"><span class=\"screen-reader-text\">Blog<\/span> r\u00e9szletei&#8230;<\/a><\/p>\n","protected":false},"author":1,"featured_media":0,"parent":0,"menu_order":2,"comment_status":"closed","ping_status":"closed","template":"","meta":{"footnotes":""},"class_list":["post-91","page","type-page","status-publish","hentry"],"_links":{"self":[{"href":"https:\/\/drgoncziagnes.hu\/index.php?rest_route=\/wp\/v2\/pages\/91","targetHints":{"allow":["GET"]}}],"collection":[{"href":"https:\/\/drgoncziagnes.hu\/index.php?rest_route=\/wp\/v2\/pages"}],"about":[{"href":"https:\/\/drgoncziagnes.hu\/index.php?rest_route=\/wp\/v2\/types\/page"}],"author":[{"embeddable":true,"href":"https:\/\/drgoncziagnes.hu\/index.php?rest_route=\/wp\/v2\/users\/1"}],"replies":[{"embeddable":true,"href":"https:\/\/drgoncziagnes.hu\/index.php?rest_route=%2Fwp%2Fv2%2Fcomments&post=91"}],"version-history":[{"count":8,"href":"https:\/\/drgoncziagnes.hu\/index.php?rest_route=\/wp\/v2\/pages\/91\/revisions"}],"predecessor-version":[{"id":295,"href":"https:\/\/drgoncziagnes.hu\/index.php?rest_route=\/wp\/v2\/pages\/91\/revisions\/295"}],"wp:attachment":[{"href":"https:\/\/drgoncziagnes.hu\/index.php?rest_route=%2Fwp%2Fv2%2Fmedia&parent=91"}],"curies":[{"name":"wp","href":"https:\/\/api.w.org\/{rel}","templated":true}]}}